{"id":149,"date":"2017-03-29T17:46:04","date_gmt":"2017-03-29T17:46:04","guid":{"rendered":"http:\/\/wapacha.cat\/?page_id=149"},"modified":"2018-10-19T12:45:31","modified_gmt":"2018-10-19T12:45:31","slug":"activitats","status":"publish","type":"page","link":"https:\/\/wapacha.cat\/es\/activitats\/","title":{"rendered":"Activitats"},"content":{"rendered":"<p>[et_pb_section bb_built=\u00bb1&#8243; admin_label=\u00bbsection\u00bb transparent_background=\u00bboff\u00bb background_color=\u00bb#c6006d\u00bb allow_player_pause=\u00bboff\u00bb inner_shadow=\u00bboff\u00bb parallax=\u00bboff\u00bb parallax_method=\u00bbon\u00bb custom_padding=\u00bb0px||0px|\u00bb padding_mobile=\u00bboff\u00bb make_fullwidth=\u00bboff\u00bb use_custom_width=\u00bboff\u00bb width_unit=\u00bboff\u00bb custom_width_px=\u00bb1080px\u00bb custom_width_percent=\u00bb80{e47b2838832aeb2fe7266ccda2e36b01ee0d3353ef91ee8b5d270a3f08114494}\u00bb make_equal=\u00bboff\u00bb use_custom_gutter=\u00bboff\u00bb fullwidth=\u00bbon\u00bb specialty=\u00bboff\u00bb disabled=\u00bboff\u00bb custom_padding_tablet=\u00bb50px|0|50px|0&#8243; custom_padding_last_edited=\u00bbon|desktop\u00bb next_background_color=\u00bb#ffffff\u00bb][et_pb_fullwidth_header text_orientation=\u00bbcenter\u00bb scroll_down_icon=\u00bb3&#8243; subhead_font_size=\u00bb20px\u00bb button_one_text_size=\u00bb20&#8243; button_two_text_size=\u00bb20&#8243; disabled=\u00bboff\u00bb background_color=\u00bbrgba(255, 255, 255, 0)\u00bb max_width_tablet=\u00bb50px\u00bb _builder_version=\u00bb3.15&#8243;]<\/p>\n<h1 style=\"text-align: center; color:#FFFFFF\">ACTIVIDADES<\/h1>\n<p>[\/et_pb_fullwidth_header][\/et_pb_section][et_pb_section bb_built=\u00bb1&#8243; admin_label=\u00bbsection\u00bb transparent_background=\u00bboff\u00bb allow_player_pause=\u00bboff\u00bb inner_shadow=\u00bboff\u00bb parallax=\u00bboff\u00bb parallax_method=\u00bbon\u00bb custom_padding=\u00bb0px|0px|54px|0px\u00bb padding_mobile=\u00bboff\u00bb make_fullwidth=\u00bboff\u00bb use_custom_width=\u00bboff\u00bb width_unit=\u00bboff\u00bb custom_width_px=\u00bb1080px\u00bb custom_width_percent=\u00bb80{e47b2838832aeb2fe7266ccda2e36b01ee0d3353ef91ee8b5d270a3f08114494}\u00bb make_equal=\u00bboff\u00bb use_custom_gutter=\u00bboff\u00bb fullwidth=\u00bboff\u00bb specialty=\u00bboff\u00bb disabled=\u00bboff\u00bb custom_padding_tablet=\u00bb50px|0|50px|0&#8243; custom_padding_last_edited=\u00bbon|desktop\u00bb prev_background_color=\u00bb#c6006d\u00bb next_background_color=\u00bb#000000&#8243;][et_pb_row admin_label=\u00bbrow\u00bb make_fullwidth=\u00bboff\u00bb use_custom_width=\u00bbon\u00bb width_unit=\u00bboff\u00bb custom_width_px=\u00bb1080px\u00bb custom_width_percent=\u00bb75%\u00bb use_custom_gutter=\u00bboff\u00bb gutter_width=\u00bb3&#8243; custom_padding=\u00bb60px|0px|27px|0px\u00bb padding_mobile=\u00bboff\u00bb allow_player_pause=\u00bboff\u00bb parallax=\u00bboff\u00bb parallax_method=\u00bbon\u00bb make_equal=\u00bboff\u00bb column_padding_mobile=\u00bbon\u00bb parallax_1=\u00bboff\u00bb parallax_method_1=\u00bbon\u00bb parallax_2=\u00bboff\u00bb parallax_method_2=\u00bbon\u00bb parallax_3=\u00bboff\u00bb parallax_method_3=\u00bbon\u00bb parallax_4=\u00bboff\u00bb parallax_method_4=\u00bbon\u00bb disabled=\u00bboff\u00bb background_position=\u00bbtop_left\u00bb background_repeat=\u00bbrepeat\u00bb background_size=\u00bbinitial\u00bb][et_pb_column type=\u00bb4_4&#8243;][et_pb_tabs admin_label=\u00bbTabs\u00bb tab_line_height=\u00bb3em\u00bb use_border_color=\u00bboff\u00bb disabled=\u00bboff\u00bb background_position=\u00bbtop_left\u00bb background_repeat=\u00bbrepeat\u00bb background_size=\u00bbinitial\u00bb _builder_version=\u00bb3.15&#8243;][et_pb_tab title=\u00bbTeam Match\u00bb disabled=\u00bboff\u00bb tab_font_select=\u00bbdefault\u00bb tab_font=\u00bb||||\u00bb body_font_select=\u00bbdefault\u00bb body_font=\u00bb||||\u00bb body_line_height=\u00bb2em\u00bb body_line_height_tablet=\u00bb2em\u00bb body_line_height_phone=\u00bb2em\u00bb _builder_version=\u00bb3.15&#8243; use_background_color_gradient=\u00bboff\u00bb background_color_gradient_start=\u00bb#2b87da\u00bb background_color_gradient_end=\u00bb#29c4a9&#8243; background_color_gradient_type=\u00bblinear\u00bb background_color_gradient_direction=\u00bb180deg\u00bb background_color_gradient_direction_radial=\u00bbcenter\u00bb background_color_gradient_start_position=\u00bb0%\u00bb background_color_gradient_end_position=\u00bb100%\u00bb background_color_gradient_overlays_image=\u00bboff\u00bb parallax=\u00bboff\u00bb parallax_method=\u00bbon\u00bb background_size=\u00bbcover\u00bb background_position=\u00bbcenter\u00bb background_repeat=\u00bbno-repeat\u00bb background_blend=\u00bbnormal\u00bb allow_player_pause=\u00bboff\u00bb background_video_pause_outside_viewport=\u00bbon\u00bb tab_text_shadow_style=\u00bbnone\u00bb body_text_shadow_style=\u00bbnone\u00bb]<\/p>\n<p align=\"justify\"><img decoding=\"async\" loading=\"lazy\" class=\"wp-image-727 alignleft size-full\" src=\"..\/wp-content\/uploads\/2018\/03\/Team_02.jpg\" alt=\"\" width=\"255\" height=\"197\" \/><img decoding=\"async\" loading=\"lazy\" class=\"wp-image-726 alignright size-full\" src=\"..\/wp-content\/uploads\/2018\/03\/Team_01.jpg\" alt=\"\" width=\"255\" height=\"219\" \/>Fiesta de la escuela que llevamos a cabo a mitad del curso (Febrero o Marzo) y en el que participan todos los grupos de baile que hay en la escuela: de los m\u00e1s peque\u00f1os a los m\u00e1s grandes.<\/p>\n<p align=\"justify\">Un Team Match es un concurso por equipos. Cada equipo tiene un capit\u00e1n formado por uno de los alumnos de competici\u00f3n y unos miembros que los forman los diferentes grupos de la escuela (social, salsa, etc.)<\/p>\n<p align=\"justify\">El Team Match lo llevamos a cabo a instalaciones fuera de la escuela de baile (Pabell\u00f3n deportivo), puesto que cada a\u00f1o re\u00fane adem\u00e1s participantes y p\u00fablico y no hay cabida en la escuela de baile.<\/p>\n<p>[\/et_pb_tab][et_pb_tab title=\u00bbTrofeos Baile Deportivo y de Competici\u00f3n\u00bb disabled=\u00bboff\u00bb _builder_version=\u00bb3.15&#8243; use_background_color_gradient=\u00bboff\u00bb background_color_gradient_start=\u00bb#2b87da\u00bb background_color_gradient_end=\u00bb#29c4a9&#8243; background_color_gradient_type=\u00bblinear\u00bb background_color_gradient_direction=\u00bb180deg\u00bb background_color_gradient_direction_radial=\u00bbcenter\u00bb background_color_gradient_start_position=\u00bb0%\u00bb background_color_gradient_end_position=\u00bb100%\u00bb background_color_gradient_overlays_image=\u00bboff\u00bb parallax=\u00bboff\u00bb parallax_method=\u00bbon\u00bb background_size=\u00bbcover\u00bb background_position=\u00bbcenter\u00bb background_repeat=\u00bbno-repeat\u00bb background_blend=\u00bbnormal\u00bb allow_player_pause=\u00bboff\u00bb background_video_pause_outside_viewport=\u00bbon\u00bb tab_text_shadow_style=\u00bbnone\u00bb body_text_shadow_style=\u00bbnone\u00bb]<\/p>\n<p><img decoding=\"async\" loading=\"lazy\" class=\"wp-image-729 alignleft size-full\" src=\"..\/wp-content\/uploads\/2018\/03\/Ballesportiu01-1.jpg\" alt=\"\" width=\"255\" height=\"167\" \/><span style=\"font-size: 14px; background-color: #ffffff;\">Estos trofeos se organizan dos veces al a\u00f1o\u00a0<\/span>a nivel nacional con una mayor afluencia de p\u00fablico y participantes cada nueva edici\u00f3n.<\/p>\n<p>Es un orgullo por el Club tener la posibilidad y la capacidad de organizar acontecimientos de tan grande eco.<\/p>\n<p>Se llevan a cabo a pabellones deportivos y cuentan con jueces nacionales y parejas participantes de todo el pa\u00eds<\/p>\n<p>[\/et_pb_tab][et_pb_tab title=\u00bbColonias de Baile\u00bb disabled=\u00bboff\u00bb tab_font_select=\u00bbdefault\u00bb tab_font=\u00bb||||\u00bb body_font_select=\u00bbdefault\u00bb body_font=\u00bb||||\u00bb body_line_height=\u00bb2em\u00bb body_line_height_tablet=\u00bb2em\u00bb body_line_height_phone=\u00bb2em\u00bb _builder_version=\u00bb3.15&#8243; use_background_color_gradient=\u00bboff\u00bb background_color_gradient_start=\u00bb#2b87da\u00bb background_color_gradient_end=\u00bb#29c4a9&#8243; background_color_gradient_type=\u00bblinear\u00bb background_color_gradient_direction=\u00bb180deg\u00bb background_color_gradient_direction_radial=\u00bbcenter\u00bb background_color_gradient_start_position=\u00bb0%\u00bb background_color_gradient_end_position=\u00bb100%\u00bb background_color_gradient_overlays_image=\u00bboff\u00bb parallax=\u00bboff\u00bb parallax_method=\u00bbon\u00bb background_size=\u00bbcover\u00bb background_position=\u00bbcenter\u00bb background_repeat=\u00bbno-repeat\u00bb background_blend=\u00bbnormal\u00bb allow_player_pause=\u00bboff\u00bb background_video_pause_outside_viewport=\u00bbon\u00bb tab_text_shadow_style=\u00bbnone\u00bb body_text_shadow_style=\u00bbnone\u00bb tab_text_shadow_horizontal_length=\u00bb0em\u00bb tab_text_shadow_vertical_length=\u00bb0em\u00bb tab_text_shadow_blur_strength=\u00bb0em\u00bb body_text_shadow_horizontal_length=\u00bb0em\u00bb body_text_shadow_vertical_length=\u00bb0em\u00bb body_text_shadow_blur_strength=\u00bb0em\u00bb]<\/p>\n<p align=\"justify\"><img decoding=\"async\" loading=\"lazy\" class=\"wp-image-722 alignleft size-full\" src=\"..\/wp-content\/uploads\/2018\/03\/colonies03.jpg\" alt=\"\" width=\"255\" height=\"148\" \/>La \u00faltima\u00a0semana del mes de junio la escuela organiza anualmente unas colonias de baile para combinar clases de baile con convivencia de los m\u00e1s peque\u00f1os, excursiones, trabajos manuales&#8230; Cinco d\u00edas que finalizan con una comida de padres e hijos donde los ni\u00f1os muestran la casa de colonias a sus padres y todas las actividades que han llevado a cabo.<\/p>\n<p align=\"justify\"><strong>Edad:<\/strong>\u00a06 a 14 anys<strong><br \/>D\u00edas:\u00a0<\/strong>\u00faltima setmana de junio<br \/><strong>Horario:\u00a0<\/strong>5 d\u00edas, 4 noches<br \/><strong>Lugar de Realizaci\u00f3n de la actividad:\u00a0<\/strong>A determinar<\/p>\n<p>[\/et_pb_tab][et_pb_tab title=\u00bbCasal de verano\u00bb disabled=\u00bboff\u00bb tab_font_select=\u00bbdefault\u00bb tab_font=\u00bb||||\u00bb body_font_select=\u00bbdefault\u00bb body_font=\u00bb||||\u00bb body_line_height=\u00bb2em\u00bb body_line_height_tablet=\u00bb2em\u00bb body_line_height_phone=\u00bb2em\u00bb _builder_version=\u00bb3.15&#8243; use_background_color_gradient=\u00bboff\u00bb background_color_gradient_start=\u00bb#2b87da\u00bb background_color_gradient_end=\u00bb#29c4a9&#8243; background_color_gradient_type=\u00bblinear\u00bb background_color_gradient_direction=\u00bb180deg\u00bb background_color_gradient_direction_radial=\u00bbcenter\u00bb background_color_gradient_start_position=\u00bb0%\u00bb background_color_gradient_end_position=\u00bb100%\u00bb background_color_gradient_overlays_image=\u00bboff\u00bb parallax=\u00bboff\u00bb parallax_method=\u00bbon\u00bb background_size=\u00bbcover\u00bb background_position=\u00bbcenter\u00bb background_repeat=\u00bbno-repeat\u00bb background_blend=\u00bbnormal\u00bb allow_player_pause=\u00bboff\u00bb background_video_pause_outside_viewport=\u00bbon\u00bb tab_text_shadow_style=\u00bbnone\u00bb body_text_shadow_style=\u00bbnone\u00bb tab_text_shadow_horizontal_length=\u00bb0em\u00bb tab_text_shadow_vertical_length=\u00bb0em\u00bb tab_text_shadow_blur_strength=\u00bb0em\u00bb body_text_shadow_horizontal_length=\u00bb0em\u00bb body_text_shadow_vertical_length=\u00bb0em\u00bb body_text_shadow_blur_strength=\u00bb0em\u00bb]<\/p>\n<div id=\"activitatsdivlefttxt\">\n<p><img decoding=\"async\" loading=\"lazy\" class=\"wp-image-718 alignright size-full\" src=\"..\/wp-content\/uploads\/2018\/03\/casal1.jpg\" alt=\"\" width=\"255\" height=\"167\" \/><\/p>\n<p align=\"justify\"><strong>Nombre de la actividad: Campus de Baile y Piscina por las ma\u00f1anas<\/strong><\/p>\n<p align=\"justify\"><strong>Edad:\u00a0<\/strong>de los 5 a los 14 a\u00f1os<\/p>\n<p align=\"justify\"><strong>D\u00edas:\u00a0<\/strong>de lunes a viernes del mes de Julio y la primera quincena de Septiembre<\/p>\n<p align=\"justify\"><strong>Horario:\u00a0<\/strong>de 9 de la ma\u00f1ana a 13 del mediod\u00eda<\/p>\n<p align=\"justify\"><strong>Precio:\u00a0<\/strong>40 \u20ac la semana<\/p>\n<p align=\"justify\"><strong>Lugar de Realizaci\u00f3n de la actividad:\u00a0<\/strong>Escuela de Baile de Sal\u00f3n Wapach\u00e1 y Piscinas Municipales<\/p>\n<p>\u00a0&#8230;&#8230;&#8230;&#8230;&#8230;&#8230;&#8230;&#8230;&#8230;&#8230;<\/p>\n<\/div>\n<div id=\"activitatsdivlefttxt\">\n<p align=\"justify\"><strong>Nombre de la actividad:<\/strong>\u00a0<strong>Campus de Baile y Piscina por las tardes<\/strong><\/p>\n<p align=\"justify\"><strong>Edad:\u00a0<\/strong> de los 5 a los 14 a\u00f1os<\/p>\n<p align=\"justify\"><strong>D\u00edas:\u00a0<\/strong>de lunes a viernes del mes de Julio y la primera quincena de Septiembre<\/p>\n<p align=\"justify\"><strong>Horario:\u00a0<\/strong>de 16 de la tarde a 19 de la tarde<\/p>\n<p align=\"justify\"><strong>Precio:\u00a0<\/strong>36 \u20ac la semana<\/p>\n<p align=\"justify\"><strong>Lugar de Realizaci\u00f3n de la actividad:\u00a0<\/strong>Escuela de Baile de Sal\u00f3n Wapach\u00e1 y Piscinas Municipales<\/p>\n<\/div>\n<p>[\/et_pb_tab][et_pb_tab title=\u00bbFestival fin de curso\u00bb disabled=\u00bboff\u00bb tab_font_select=\u00bbdefault\u00bb tab_font=\u00bb||||\u00bb body_font_select=\u00bbdefault\u00bb body_font=\u00bb||||\u00bb body_line_height=\u00bb2em\u00bb body_line_height_tablet=\u00bb2em\u00bb body_line_height_phone=\u00bb2em\u00bb _builder_version=\u00bb3.15&#8243; use_background_color_gradient=\u00bboff\u00bb background_color_gradient_start=\u00bb#2b87da\u00bb background_color_gradient_end=\u00bb#29c4a9&#8243; background_color_gradient_type=\u00bblinear\u00bb background_color_gradient_direction=\u00bb180deg\u00bb background_color_gradient_direction_radial=\u00bbcenter\u00bb background_color_gradient_start_position=\u00bb0%\u00bb background_color_gradient_end_position=\u00bb100%\u00bb background_color_gradient_overlays_image=\u00bboff\u00bb parallax=\u00bboff\u00bb parallax_method=\u00bbon\u00bb background_size=\u00bbcover\u00bb background_position=\u00bbcenter\u00bb background_repeat=\u00bbno-repeat\u00bb background_blend=\u00bbnormal\u00bb allow_player_pause=\u00bboff\u00bb background_video_pause_outside_viewport=\u00bbon\u00bb tab_text_shadow_style=\u00bbnone\u00bb body_text_shadow_style=\u00bbnone\u00bb]<\/p>\n<p><img decoding=\"async\" loading=\"lazy\" class=\"wp-image-723 alignleft size-full\" src=\"..\/wp-content\/uploads\/2018\/03\/ficurs05.jpg\" alt=\"\" width=\"175\" height=\"245\" \/>Fiesta con exhibiciones de baile, cena fr\u00eda y baile libre.<\/p>\n<p>Se celebra cada final de curso para concluir la temporada de baile<\/p>\n<p>[\/et_pb_tab][et_pb_tab title=\u00bbStage de preparaci\u00f3n de la temporada\u00bb disabled=\u00bboff\u00bb _builder_version=\u00bb3.15&#8243; use_background_color_gradient=\u00bboff\u00bb background_color_gradient_start=\u00bb#2b87da\u00bb background_color_gradient_end=\u00bb#29c4a9&#8243; background_color_gradient_type=\u00bblinear\u00bb background_color_gradient_direction=\u00bb180deg\u00bb background_color_gradient_direction_radial=\u00bbcenter\u00bb background_color_gradient_start_position=\u00bb0%\u00bb background_color_gradient_end_position=\u00bb100%\u00bb background_color_gradient_overlays_image=\u00bboff\u00bb parallax=\u00bboff\u00bb parallax_method=\u00bbon\u00bb background_size=\u00bbcover\u00bb background_position=\u00bbcenter\u00bb background_repeat=\u00bbno-repeat\u00bb background_blend=\u00bbnormal\u00bb allow_player_pause=\u00bboff\u00bb background_video_pause_outside_viewport=\u00bbon\u00bb tab_text_shadow_style=\u00bbnone\u00bb body_text_shadow_style=\u00bbnone\u00bb]<\/p>\n<p><img decoding=\"async\" loading=\"lazy\" class=\"wp-image-725 alignleft size-full\" src=\"..\/wp-content\/uploads\/2018\/03\/stage2.jpg\" alt=\"\" width=\"255\" height=\"167\" \/><img decoding=\"async\" loading=\"lazy\" class=\"wp-image-724 alignright size-full\" src=\"..\/wp-content\/uploads\/2018\/03\/stage1.jpg\" alt=\"\" width=\"255\" height=\"167\" \/>Stage que combina clases de t\u00e9cnica, rondas, psicolog\u00eda y preparaci\u00f3n f\u00edsica para preparar las parejas de competici\u00f3n para la nueva temporada tras la pausa veraniega.<\/p>\n<p>[\/et_pb_tab][\/et_pb_tabs][et_pb_text background_layout=\u00bblight\u00bb text_orientation=\u00bbleft\u00bb use_border_color=\u00bboff\u00bb border_style=\u00bbsolid\u00bb disabled=\u00bboff\u00bb background_position=\u00bbtop_left\u00bb background_repeat=\u00bbrepeat\u00bb background_size=\u00bbinitial\u00bb]<\/p>\n<h4><\/h4>\n<p>[\/et_pb_text][\/et_pb_column][\/et_pb_row][\/et_pb_section]<\/p>","protected":false},"excerpt":{"rendered":"<p>ACTIVIDADES Fiesta de la escuela que llevamos a cabo a mitad del curso (Febrero o Marzo) y en el que participan todos los grupos de baile que hay en la escuela: de los m\u00e1s peque\u00f1os a los m\u00e1s grandes.Un Team Match es un concurso por equipos. Cada equipo tiene un capit\u00e1n formado por uno de [&hellip;]<\/p>\n","protected":false},"author":2,"featured_media":0,"parent":0,"menu_order":0,"comment_status":"closed","ping_status":"closed","template":"","meta":{"_et_pb_use_builder":"on","_et_pb_old_content":"","_et_gb_content_width":""},"_links":{"self":[{"href":"https:\/\/wapacha.cat\/es\/wp-json\/wp\/v2\/pages\/149"}],"collection":[{"href":"https:\/\/wapacha.cat\/es\/wp-json\/wp\/v2\/pages"}],"about":[{"href":"https:\/\/wapacha.cat\/es\/wp-json\/wp\/v2\/types\/page"}],"author":[{"embeddable":true,"href":"https:\/\/wapacha.cat\/es\/wp-json\/wp\/v2\/users\/2"}],"replies":[{"embeddable":true,"href":"https:\/\/wapacha.cat\/es\/wp-json\/wp\/v2\/comments?post=149"}],"version-history":[{"count":24,"href":"https:\/\/wapacha.cat\/es\/wp-json\/wp\/v2\/pages\/149\/revisions"}],"predecessor-version":[{"id":1201,"href":"https:\/\/wapacha.cat\/es\/wp-json\/wp\/v2\/pages\/149\/revisions\/1201"}],"wp:attachment":[{"href":"https:\/\/wapacha.cat\/es\/wp-json\/wp\/v2\/media?parent=149"}],"curies":[{"name":"wp","href":"https:\/\/api.w.org\/{rel}","templated":true}]}}